{"id":739,"date":"2020-10-15T09:26:45","date_gmt":"2020-10-15T09:26:45","guid":{"rendered":"https:\/\/ecociaf.pt\/?page_id=739"},"modified":"2020-10-16T11:15:04","modified_gmt":"2020-10-16T11:15:04","slug":"noticias","status":"publish","type":"page","link":"https:\/\/ecociaf.pt\/en\/noticias\/","title":{"rendered":"News"},"content":{"rendered":"<div id=\"fws_69ee74c4a0873\"  data-column-margin=\"default\" data-midnight=\"dark\"  class=\"wpb_row vc_row-fluid vc_row full-width-content vc_row-o-equal-height vc_row-flex vc_row-o-content-top bottomtop\"  style=\"padding-top: 400px; padding-bottom: 400px; \"><div class=\"row-bg-wrap\" data-bg-animation=\"none\" data-bg-animation-delay=\"\" data-bg-overlay=\"false\"><div class=\"inner-wrap row-bg-layer using-image\" ><div class=\"row-bg viewport-desktop using-image\"  style=\"background-image: url(https:\/\/ecociaf.pt\/wp-content\/uploads\/2020\/10\/ryoji-iwata-a-qsFZimp1M-unsplash.jpg); background-position: center bottom; background-repeat: no-repeat; \"><\/div><\/div><\/div><div class=\"row_col_wrap_12 col span_12 dark left\">\n\t<div  class=\"vc_col-sm-12 wpb_column column_container vc_column_container col no-extra-padding\"  data-padding-pos=\"all\" data-has-bg-color=\"false\" data-bg-color=\"\" data-bg-opacity=\"1\" data-animation=\"\" data-delay=\"0\" >\n\t\t<div class=\"vc_column-inner\" >\n\t\t\t<div class=\"wpb_wrapper\">\n\t\t\t\t\n\t\t\t<\/div> \n\t\t<\/div>\n\t<\/div> \n<\/div><\/div>\n\t\t<div id=\"fws_69ee74c4a1370\"  data-column-margin=\"default\" data-midnight=\"light\"  class=\"wpb_row vc_row-fluid vc_row full-width-content vc_row-o-equal-height vc_row-flex vc_row-o-content-top overtop\"  style=\"padding-top: 0px; padding-bottom: 0px; \"><div class=\"row-bg-wrap\" data-bg-animation=\"none\" data-bg-animation-delay=\"\" data-bg-overlay=\"false\"><div class=\"inner-wrap row-bg-layer\" ><div class=\"row-bg viewport-desktop\"  style=\"\"><\/div><\/div><\/div><div class=\"row_col_wrap_12 col span_12 light left\">\n\t<div  class=\"vc_col-sm-6 wpb_column column_container vc_column_container col no-extra-padding\"  data-padding-pos=\"all\" data-has-bg-color=\"false\" data-bg-color=\"\" data-bg-opacity=\"1\" data-animation=\"\" data-delay=\"0\" >\n\t\t<div class=\"vc_column-inner\" >\n\t\t\t<div class=\"wpb_wrapper\">\n\t\t\t\t\n\t\t\t<\/div> \n\t\t<\/div>\n\t<\/div> \n\n\t<div style=\" color: #ffffff;\" class=\"vc_col-sm-6 intro-overlap-hero wpb_column column_container vc_column_container col no-extra-padding\" data-cfc=\"true\" data-using-bg=\"true\" data-padding-pos=\"all\" data-has-bg-color=\"true\" data-bg-color=\"#de0023\" data-bg-opacity=\"1\" data-animation=\"\" data-delay=\"0\" >\n\t\t<div class=\"vc_column-inner\" ><div class=\"column-bg-overlay-wrap column-bg-layer\" data-bg-animation=\"none\"><div class=\"column-bg-overlay\" style=\"opacity: 1; background-color: #de0023;\"><\/div><\/div>\n\t\t\t<div class=\"wpb_wrapper\">\n\t\t\t\t\n<div class=\"wpb_text_column wpb_content_element  vc_custom_1602756114507\" >\n\t<div class=\"wpb_wrapper\">\n\t\t<h1>Latest<br \/>\nNews<\/h1>\n\t<\/div>\n<\/div>\n\n\n\n\n\t\t\t<\/div> \n\t\t<\/div>\n\t<\/div> \n<\/div><\/div>\n\t\t<div id=\"fws_69ee74c4a2278\"  data-column-margin=\"80px\" data-midnight=\"dark\"  class=\"wpb_row vc_row-fluid vc_row\"  style=\"padding-top: 100px; padding-bottom: 100px; \"><div class=\"row-bg-wrap\" data-bg-animation=\"none\" data-bg-animation-delay=\"\" data-bg-overlay=\"false\"><div class=\"inner-wrap row-bg-layer\" ><div class=\"row-bg viewport-desktop\"  style=\"\"><\/div><\/div><\/div><div class=\"row_col_wrap_12 col span_12 dark left\">\n\t<div  class=\"vc_col-sm-12 wpb_column column_container vc_column_container col no-extra-padding\"  data-padding-pos=\"all\" data-has-bg-color=\"false\" data-bg-color=\"\" data-bg-opacity=\"1\" data-animation=\"\" data-delay=\"0\" >\n\t\t<div class=\"vc_column-inner\" >\n\t\t\t<div class=\"wpb_wrapper\">\n\t\t\t\t<div id=\"fws_69ee74c4a2a14\" data-midnight=\"\" data-column-margin=\"default\" class=\"wpb_row vc_row-fluid vc_row inner_row\"  style=\"\"><div class=\"row-bg-wrap\"> <div class=\"row-bg\" ><\/div> <\/div><div class=\"row_col_wrap_12_inner col span_12  left\">\n\t<div style=\"margin-top: 100px; \" class=\"vc_col-sm-12 wpb_column column_container vc_column_container col child_column no-extra-padding\"   data-padding-pos=\"all\" data-has-bg-color=\"false\" data-bg-color=\"\" data-bg-opacity=\"1\" data-animation=\"\" data-delay=\"0\" >\n\t\t<div class=\"vc_column-inner\" >\n\t\t<div class=\"wpb_wrapper\">\n\t\t\t\n<div class=\"wpb_text_column wpb_content_element\" >\n\t<div class=\"wpb_wrapper\">\n\t\t<div class=\"col span_12 dark center\">\n\t<div class=\"vc_col-sm-12 wpb_column column_container vc_column_container col no-extra-padding instance-0\" data-t-w-inherits=\"default\" data-border-radius=\"none\" data-shadow=\"none\" data-border-animation=\"\" data-border-animation-delay=\"\" data-border-width=\"none\" data-border-style=\"solid\" data-border-color=\"\" data-bg-cover=\"\" data-padding-pos=\"all\" data-has-bg-color=\"false\" data-bg-color=\"\" data-bg-opacity=\"1\" data-hover-bg=\"\" data-hover-bg-opacity=\"1\" data-animation=\"\" data-delay=\"0\">\n\t\t<div class=\"vc_column-inner\">\n\t\t\t<div class=\"column-bg-overlay-wrap\" data-bg-animation=\"none\">\n\t\t\t\t<div class=\"column-bg-overlay\">\n\t\t\t\t<\/div>\n\t\t\t<\/div>\n\t\t\t<div class=\"wpb_wrapper\">\n\t\t\t\t<div class=\"wpb_text_column wpb_content_element\">\n\t\t\t\t\t<div class=\"wpb_wrapper noticia_wrapper\">\n\t\t\t\t\t\t<h2 style=\"margin-bottom:2rem;\">XIII Semana de Reabilita\u00e7\u00e3o Urbana<\/h2>\n\t\t\t\t\t\t<p><img loading=\"lazy\" decoding=\"async\" class=\"wp-image-988 aligncenter\" src=\"https:\/\/ecociaf.pt\/wp-content\/uploads\/2026\/02\/300x250_sru_lx26.jpg\" alt=\"\" width=\"470\" height=\"392\" srcset=\"https:\/\/ecociaf.pt\/wp-content\/uploads\/2026\/02\/300x250_sru_lx26.jpg 300w, https:\/\/ecociaf.pt\/wp-content\/uploads\/2026\/02\/300x250_sru_lx26-14x12.jpg 14w\" sizes=\"auto, (max-width: 470px) 100vw, 470px\" \/><\/p>\n<h4 class=\"p1\" style=\"text-align: center;\"><b>3 \u20145 Mar\u00e7o | <\/b><strong>Lisboa Social Mitra, Rua do A\u00e7ucar<\/strong><\/h4>\n<p style=\"text-align: center;\" data-start=\"286\" data-end=\"393\">\u00c9 com enorme prazer que o convidamos a visitar o stand da\u00a0<strong data-start=\"344\" data-end=\"355\">ECOCIAF<\/strong>\u00a0na\u00a0<strong data-start=\"359\" data-end=\"392\">Semana de Reabilita\u00e7\u00e3o Urbana<\/strong>.<\/p>\n<p style=\"text-align: center;\" data-start=\"395\" data-end=\"564\">Este ano temos a honra de ser\u00a0<strong data-start=\"425\" data-end=\"449\">Patrocinador Platina<\/strong>\u00a0do evento. Um reconhecimento que refor\u00e7a o nosso compromisso com a inova\u00e7\u00e3o e a qualidade na reabilita\u00e7\u00e3o urbana.<\/p>\n<p style=\"text-align: center;\" data-start=\"566\" data-end=\"698\">Para se inscrever e consultar a agenda completa, basta aceder ao link abaixo:<br data-start=\"643\" data-end=\"646\" \/><a class=\"decorated-link\" href=\"https:\/\/events.iberinmo.com\/event\/iberinmo\/sru-lx26\/\" target=\"_new\" rel=\"noopener\" data-start=\"646\" data-end=\"698\">https:\/\/events.iberinmo.com\/event\/iberinmo\/sru-lx26\/<\/a><\/p>\n<p style=\"text-align: center;\" data-start=\"700\" data-end=\"717\">Esperamos por si.<\/p>\n<p style=\"text-align: center;\" data-start=\"719\" data-end=\"730\"><strong data-start=\"719\" data-end=\"730\">ECOCIAF<\/strong><\/p>\n<p><img loading=\"lazy\" decoding=\"async\" class=\"alignnone size-large wp-image-989\" src=\"https:\/\/ecociaf.pt\/wp-content\/uploads\/2026\/02\/MegaBanner_sru_lx26-1024x171.jpg\" alt=\"\" width=\"1024\" height=\"171\" srcset=\"https:\/\/ecociaf.pt\/wp-content\/uploads\/2026\/02\/MegaBanner_sru_lx26-1024x171.jpg 1024w, https:\/\/ecociaf.pt\/wp-content\/uploads\/2026\/02\/MegaBanner_sru_lx26-300x50.jpg 300w, https:\/\/ecociaf.pt\/wp-content\/uploads\/2026\/02\/MegaBanner_sru_lx26-768x128.jpg 768w, https:\/\/ecociaf.pt\/wp-content\/uploads\/2026\/02\/MegaBanner_sru_lx26-18x3.jpg 18w, https:\/\/ecociaf.pt\/wp-content\/uploads\/2026\/02\/MegaBanner_sru_lx26.jpg 1200w\" sizes=\"auto, (max-width: 1024px) 100vw, 1024px\" \/><\/p>\n\n\t\t\t\t\t<\/div>\n\t\t\t\t<\/div> \n\t\t\t<\/div>\n\t\t<\/div> \n\t\t<div  style=\"border-bottom:1px solid #de0023;padding-bottom:4rem;margin-bottom:2rem;\">\n\t\t<\/div>\n\t<\/div>\n<\/div><div class=\"col span_12 dark center\">\n\t<div class=\"vc_col-sm-12 wpb_column column_container vc_column_container col no-extra-padding instance-0\" data-t-w-inherits=\"default\" data-border-radius=\"none\" data-shadow=\"none\" data-border-animation=\"\" data-border-animation-delay=\"\" data-border-width=\"none\" data-border-style=\"solid\" data-border-color=\"\" data-bg-cover=\"\" data-padding-pos=\"all\" data-has-bg-color=\"false\" data-bg-color=\"\" data-bg-opacity=\"1\" data-hover-bg=\"\" data-hover-bg-opacity=\"1\" data-animation=\"\" data-delay=\"0\">\n\t\t<div class=\"vc_column-inner\">\n\t\t\t<div class=\"column-bg-overlay-wrap\" data-bg-animation=\"none\">\n\t\t\t\t<div class=\"column-bg-overlay\">\n\t\t\t\t<\/div>\n\t\t\t<\/div>\n\t\t\t<div class=\"wpb_wrapper\">\n\t\t\t\t<div class=\"wpb_text_column wpb_content_element\">\n\t\t\t\t\t<div class=\"wpb_wrapper noticia_wrapper\">\n\t\t\t\t\t\t<h2 style=\"margin-bottom:2rem;\">XII Lisbon Urban Rehabilitation Week<\/h2>\n\t\t\t\t\t\t<p class=\"p1\" style=\"text-align: center;\"><img loading=\"lazy\" decoding=\"async\" class=\"alignnone wp-image-942\" src=\"https:\/\/ecociaf.pt\/wp-content\/uploads\/2025\/02\/sru-lx-25_insta-1024x1024.png\" alt=\"\" width=\"470\" height=\"470\" srcset=\"https:\/\/ecociaf.pt\/wp-content\/uploads\/2025\/02\/sru-lx-25_insta.png 1024w, https:\/\/ecociaf.pt\/wp-content\/uploads\/2025\/02\/sru-lx-25_insta-300x300.png 300w, https:\/\/ecociaf.pt\/wp-content\/uploads\/2025\/02\/sru-lx-25_insta-150x150.png 150w, https:\/\/ecociaf.pt\/wp-content\/uploads\/2025\/02\/sru-lx-25_insta-768x768.png 768w, https:\/\/ecociaf.pt\/wp-content\/uploads\/2025\/02\/sru-lx-25_insta-100x100.png 100w, https:\/\/ecociaf.pt\/wp-content\/uploads\/2025\/02\/sru-lx-25_insta-140x140.png 140w, https:\/\/ecociaf.pt\/wp-content\/uploads\/2025\/02\/sru-lx-25_insta-500x500.png 500w, https:\/\/ecociaf.pt\/wp-content\/uploads\/2025\/02\/sru-lx-25_insta-350x350.png 350w, https:\/\/ecociaf.pt\/wp-content\/uploads\/2025\/02\/sru-lx-25_insta-1000x1000.png 1000w, https:\/\/ecociaf.pt\/wp-content\/uploads\/2025\/02\/sru-lx-25_insta-800x800.png 800w\" sizes=\"auto, (max-width: 470px) 100vw, 470px\" \/><\/p>\n<h4 class=\"p1\" style=\"text-align: center;\"><b>February 25\u201327 | Beato Innovation District (F\u00e1brica do P\u00e3o)<\/b><\/h4>\n<p class=\"p2\" style=\"text-align: center;\">A pr\u00f3xima edi\u00e7\u00e3o da\u00a0<b>The Lisbon Urban Rehabilitation Week\u00a0<\/b>, promoted by Vida Imobili\u00e1ria, returns on February 25, 26, and 27 \u2014 and ECOCIAF will once again be present as a partner and participant.\u00a0<b>February 25, 26, and 27<\/b>.<\/p>\n<p class=\"p2 translation-block\" style=\"text-align: center;\">This three-day event will focus on housing, construction, and sustainability, bringing together leading companies and experts from across the construction and real estate sectors.<\/p>\n<p class=\"p2\" style=\"text-align: center;\">Este ano o evento ir\u00e1 decorrer no<b> Beato Innovation District<\/b>This year\u2019s edition will take place at the<b> Beato Innovation District<\/b>, on Avenida Infante Dom Henrique, 145 (Lisbon) \u2014 one of Europe\u2019s largest hubs for innovation and entrepreneurship. Located in a redeveloped former military industrial complex on Lisbon\u2019s eastern riverside, Beato connects startups, global companies, and researchers, fostering collaboration between talent, technology, and creativity.<\/p>\n<p class=\"p2\" style=\"text-align: center;\">Fruto da transforma\u00e7\u00e3o de um antigo complexo industrial militar na frente ribeirinha oriental de Lisboa, o Beato Innovation District est\u00e1 hoje em transforma\u00e7\u00e3o sendo j\u00e1 a casa de v\u00e1rios projetos de inova\u00e7\u00e3o e tecnologia, e impulsionador de novas tend\u00eancias de arte, m\u00fasica, lazer e cultura.<\/p>\n<p class=\"p2\" style=\"text-align: center;\">Attendance at all conferences is free, but registration is required on the official event website.<\/p>\n<p class=\"p2\" style=\"text-align: center;\"><b>Useful links: \u00a0<\/b><\/p>\n<p class=\"p2\" style=\"text-align: center;\">For the agenda, registration, partners, and sponsors, visit the official event page:<span class=\"Apple-converted-space\">\u00a0 <\/span><a href=\"https:\/\/events.iberinmo.com\/event\/iberinmo\/sru-lisboa25\/\"><span class=\"s1\">https:\/\/events.iberinmo.com\/event\/iberinmo\/sru-lisboa25\/<\/span><\/a><\/p>\n<p class=\"p2\" style=\"text-align: center;\">For news and updates about the Lisbon Urban Rehabilitation Week,<br \/>\nvisit the websites\u00a0<a href=\"https:\/\/reportugal.vidaimobiliaria.com\/\"><span class=\"s1\">RE Portugal<\/span><\/a>\u00a0and\u00a0<a href=\"https:\/\/vidaimobiliaria.com\/\"><span class=\"s1\">Vida Imobili\u00e1ria<\/span><\/a>.<\/p>\n<p>&nbsp;<\/p>\n<p style=\"text-align: center;\"><img loading=\"lazy\" decoding=\"async\" class=\"alignnone wp-image-943\" src=\"https:\/\/ecociaf.pt\/wp-content\/uploads\/2025\/02\/sru-lx-25_megaBanner-1024x171.png\" alt=\"\" width=\"544\" height=\"91\" srcset=\"https:\/\/ecociaf.pt\/wp-content\/uploads\/2025\/02\/sru-lx-25_megaBanner-1024x171.png 1024w, https:\/\/ecociaf.pt\/wp-content\/uploads\/2025\/02\/sru-lx-25_megaBanner-300x50.png 300w, https:\/\/ecociaf.pt\/wp-content\/uploads\/2025\/02\/sru-lx-25_megaBanner-768x128.png 768w, https:\/\/ecociaf.pt\/wp-content\/uploads\/2025\/02\/sru-lx-25_megaBanner.png 1200w\" sizes=\"auto, (max-width: 544px) 100vw, 544px\" \/><\/p>\n\n\t\t\t\t\t<\/div>\n\t\t\t\t<\/div> \n\t\t\t<\/div>\n\t\t<\/div> \n\t\t<div  style=\"border-bottom:1px solid #de0023;padding-bottom:4rem;margin-bottom:2rem;\">\n\t\t<\/div>\n\t<\/div>\n<\/div><div class=\"col span_12 dark center\">\n\t<div class=\"vc_col-sm-12 wpb_column column_container vc_column_container col no-extra-padding instance-0\" data-t-w-inherits=\"default\" data-border-radius=\"none\" data-shadow=\"none\" data-border-animation=\"\" data-border-animation-delay=\"\" data-border-width=\"none\" data-border-style=\"solid\" data-border-color=\"\" data-bg-cover=\"\" data-padding-pos=\"all\" data-has-bg-color=\"false\" data-bg-color=\"\" data-bg-opacity=\"1\" data-hover-bg=\"\" data-hover-bg-opacity=\"1\" data-animation=\"\" data-delay=\"0\">\n\t\t<div class=\"vc_column-inner\">\n\t\t\t<div class=\"column-bg-overlay-wrap\" data-bg-animation=\"none\">\n\t\t\t\t<div class=\"column-bg-overlay\">\n\t\t\t\t<\/div>\n\t\t\t<\/div>\n\t\t\t<div class=\"wpb_wrapper\">\n\t\t\t\t<div class=\"wpb_text_column wpb_content_element\">\n\t\t\t\t\t<div class=\"wpb_wrapper noticia_wrapper\">\n\t\t\t\t\t\t<h2 style=\"margin-bottom:2rem;\">National Urban Rehabilitation Award 2024<\/h2>\n\t\t\t\t\t\t<h4 class=\"p2\" style=\"text-align: center;\"><span class=\"s1\"><b>Category<\/b><\/span><b> | CITY OF LISBON<\/b><\/h4>\n<p>&nbsp;<\/p>\n<p><img loading=\"lazy\" decoding=\"async\" class=\"size-large wp-image-918 aligncenter\" src=\"https:\/\/ecociaf.pt\/wp-content\/uploads\/2024\/05\/53724583763_5004cc48f1_o-1024x683.jpg\" alt=\"\" width=\"1024\" height=\"683\" srcset=\"https:\/\/ecociaf.pt\/wp-content\/uploads\/2024\/05\/53724583763_5004cc48f1_o-1024x683.jpg 1024w, https:\/\/ecociaf.pt\/wp-content\/uploads\/2024\/05\/53724583763_5004cc48f1_o-300x200.jpg 300w, https:\/\/ecociaf.pt\/wp-content\/uploads\/2024\/05\/53724583763_5004cc48f1_o-768x512.jpg 768w, https:\/\/ecociaf.pt\/wp-content\/uploads\/2024\/05\/53724583763_5004cc48f1_o-1536x1024.jpg 1536w, https:\/\/ecociaf.pt\/wp-content\/uploads\/2024\/05\/53724583763_5004cc48f1_o-2048x1365.jpg 2048w, https:\/\/ecociaf.pt\/wp-content\/uploads\/2024\/05\/53724583763_5004cc48f1_o-900x600.jpg 900w\" sizes=\"auto, (max-width: 1024px) 100vw, 1024px\" \/><\/p>\n<p class=\"p4 translation-block\" style=\"text-align: center;\">For the second year in a row, <b>ECOCIAF <\/b>has been honored with the National Urban Rehabilitation Award, this time for the project \u201c<b>Construction and Installation of the Gra\u00e7a Funicular<\/b>\u201d, recognized in the City of Lisbon category.<\/p>\n<p class=\"p4\" style=\"text-align: center;\">Carried out as a joint venture between ECOCIAF and Liftech S.A., and designed by architects Jo\u00e3o Favila Menezes and Jo\u00e3o Sim\u00f5es from Atelier Bugio, the project was commissioned by EMEL as part of the Accessibility Plan for the Castle Hill, specifically the \u201cGra\u00e7a Route.\u201d<\/p>\n<p class=\"p4\" style=\"text-align: center;\">This intervention not only improved accessibility and urban mobility, but also enhanced the area\u2019s social, economic, and touristic value, preserving and celebrating Lisbon\u2019s historical and cultural heritage.<\/p>\n<p class=\"p4\" style=\"text-align: center;\">A particularly challenging project, it required precise technical and architectural execution due to its unique location and historical context, including the medieval Alambor of the Fernandina Wall \u2014 a one-of-a-kind structure in Portugal and part of a National Monument.<\/p>\n<p class=\"p4\" style=\"text-align: center;\">The National Urban Rehabilitation Award (PNRU), organized by Vida Imobili\u00e1ria under the High Patronage of the Government of Portugal, stands as one of the country\u2019s most prestigious distinctions in the construction sector \u2014 a recognition of professionalism, innovation, and dedication to sustainable urban renewal.<\/p>\n<p style=\"text-align: center;\"><a href=\"https:\/\/player.vimeo.com\/video\/947191152?app_id=122963\">Watch the award ceremony video here.<\/a><\/p>\n<p><img loading=\"lazy\" decoding=\"async\" class=\"wp-image-920 aligncenter\" src=\"https:\/\/ecociaf.pt\/wp-content\/uploads\/2024\/05\/STILL-PNRU-2024-1024x576.jpg\" alt=\"\" width=\"405\" height=\"228\" srcset=\"https:\/\/ecociaf.pt\/wp-content\/uploads\/2024\/05\/STILL-PNRU-2024-1024x576.jpg 1024w, https:\/\/ecociaf.pt\/wp-content\/uploads\/2024\/05\/STILL-PNRU-2024-300x169.jpg 300w, https:\/\/ecociaf.pt\/wp-content\/uploads\/2024\/05\/STILL-PNRU-2024-768x432.jpg 768w, https:\/\/ecociaf.pt\/wp-content\/uploads\/2024\/05\/STILL-PNRU-2024-1536x864.jpg 1536w, https:\/\/ecociaf.pt\/wp-content\/uploads\/2024\/05\/STILL-PNRU-2024.jpg 1920w\" sizes=\"auto, (max-width: 405px) 100vw, 405px\" \/><\/p>\n\n\t\t\t\t\t<\/div>\n\t\t\t\t<\/div> \n\t\t\t<\/div>\n\t\t<\/div> \n\t\t<div  style=\"border-bottom:1px solid #de0023;padding-bottom:4rem;margin-bottom:2rem;\">\n\t\t<\/div>\n\t<\/div>\n<\/div><div class=\"col span_12 dark center\">\n\t<div class=\"vc_col-sm-12 wpb_column column_container vc_column_container col no-extra-padding instance-0\" data-t-w-inherits=\"default\" data-border-radius=\"none\" data-shadow=\"none\" data-border-animation=\"\" data-border-animation-delay=\"\" data-border-width=\"none\" data-border-style=\"solid\" data-border-color=\"\" data-bg-cover=\"\" data-padding-pos=\"all\" data-has-bg-color=\"false\" data-bg-color=\"\" data-bg-opacity=\"1\" data-hover-bg=\"\" data-hover-bg-opacity=\"1\" data-animation=\"\" data-delay=\"0\">\n\t\t<div class=\"vc_column-inner\">\n\t\t\t<div class=\"column-bg-overlay-wrap\" data-bg-animation=\"none\">\n\t\t\t\t<div class=\"column-bg-overlay\">\n\t\t\t\t<\/div>\n\t\t\t<\/div>\n\t\t\t<div class=\"wpb_wrapper\">\n\t\t\t\t<div class=\"wpb_text_column wpb_content_element\">\n\t\t\t\t\t<div class=\"wpb_wrapper noticia_wrapper\">\n\t\t\t\t\t\t<h2 style=\"margin-bottom:2rem;\">XI Lisbon Urban Rehabilitation Week<\/h2>\n\t\t\t\t\t\t<p class=\"p1\" style=\"text-align: left;\"><img loading=\"lazy\" decoding=\"async\" class=\"wp-image-915 aligncenter\" src=\"https:\/\/ecociaf.pt\/wp-content\/uploads\/2024\/03\/2ecociaf-1024x1024.png\" alt=\"\" width=\"632\" height=\"632\" srcset=\"https:\/\/ecociaf.pt\/wp-content\/uploads\/2024\/03\/2ecociaf.png 1024w, https:\/\/ecociaf.pt\/wp-content\/uploads\/2024\/03\/2ecociaf-300x300.png 300w, https:\/\/ecociaf.pt\/wp-content\/uploads\/2024\/03\/2ecociaf-150x150.png 150w, https:\/\/ecociaf.pt\/wp-content\/uploads\/2024\/03\/2ecociaf-768x768.png 768w, https:\/\/ecociaf.pt\/wp-content\/uploads\/2024\/03\/2ecociaf-100x100.png 100w, https:\/\/ecociaf.pt\/wp-content\/uploads\/2024\/03\/2ecociaf-140x140.png 140w, https:\/\/ecociaf.pt\/wp-content\/uploads\/2024\/03\/2ecociaf-500x500.png 500w, https:\/\/ecociaf.pt\/wp-content\/uploads\/2024\/03\/2ecociaf-350x350.png 350w, https:\/\/ecociaf.pt\/wp-content\/uploads\/2024\/03\/2ecociaf-1000x1000.png 1000w, https:\/\/ecociaf.pt\/wp-content\/uploads\/2024\/03\/2ecociaf-800x800.png 800w\" sizes=\"auto, (max-width: 632px) 100vw, 632px\" \/><\/p>\n<div class=\"vc_column-inner\">\n<div class=\"wpb_wrapper\">\n<div class=\"wpb_text_column wpb_content_element\">\n<h4 style=\"text-align: center;\" class=\"translation-block\"><b>The Urban Rehabilitation Week Returns to Lisbon!<\/b><br>\nLx Factory | April 9\u201311, 2024<\/h4>\n<p style=\"text-align: center;\" class=\"translation-block\">The Lisbon Urban Rehabilitation Week is back \u2014 a three-day event dedicated to housing, construction, and sustainability. It brings together leading organizations, experts, and partners from the construction and real estate sectors.<br>\nOnce again, ECOCIAF is proud to take part with its continued support and active participation.<\/p>\n<p>&nbsp;<\/p>\n<p style=\"text-align: center;\"><strong>Useful links: \u00a0<\/strong><\/p>\n<p style=\"text-align: center;\">For the agenda, registration, partners, and sponsors, visit the official website:<br \/>\nUrbana de Lisboa:\u00a0<a href=\"https:\/\/events.iberinmo.com\/event\/iberinmo\/sru-lisboa24\/\">https:\/\/events.iberinmo.com\/event\/iberinmo\/sru-lisboa24\/<\/a><\/p>\n<p style=\"text-align: center;\">For news and updates about the Lisbon Urban Rehabilitation Week,<br \/>\nvisit the websites <a href=\"https:\/\/reportugal.vidaimobiliaria.com\/\">RE Portugal<\/a> and <a href=\"https:\/\/vidaimobiliaria.com\">Vida Imobili\u00e1ria<\/a>.<\/p>\n<\/div>\n<\/div>\n<\/div>\n\n\t\t\t\t\t<\/div>\n\t\t\t\t<\/div> \n\t\t\t<\/div>\n\t\t<\/div> \n\t\t<div  style=\"border-bottom:1px solid #de0023;padding-bottom:4rem;margin-bottom:2rem;\">\n\t\t<\/div>\n\t<\/div>\n<\/div><div class=\"col span_12 dark center\">\n\t<div class=\"vc_col-sm-12 wpb_column column_container vc_column_container col no-extra-padding instance-0\" data-t-w-inherits=\"default\" data-border-radius=\"none\" data-shadow=\"none\" data-border-animation=\"\" data-border-animation-delay=\"\" data-border-width=\"none\" data-border-style=\"solid\" data-border-color=\"\" data-bg-cover=\"\" data-padding-pos=\"all\" data-has-bg-color=\"false\" data-bg-color=\"\" data-bg-opacity=\"1\" data-hover-bg=\"\" data-hover-bg-opacity=\"1\" data-animation=\"\" data-delay=\"0\">\n\t\t<div class=\"vc_column-inner\">\n\t\t\t<div class=\"column-bg-overlay-wrap\" data-bg-animation=\"none\">\n\t\t\t\t<div class=\"column-bg-overlay\">\n\t\t\t\t<\/div>\n\t\t\t<\/div>\n\t\t\t<div class=\"wpb_wrapper\">\n\t\t\t\t<div class=\"wpb_text_column wpb_content_element\">\n\t\t\t\t\t<div class=\"wpb_wrapper noticia_wrapper\">\n\t\t\t\t\t\t<h2 style=\"margin-bottom:2rem;\">National Urban Rehabilitation Award 2023<\/h2>\n\t\t\t\t\t\t<p style=\"text-align: center;\"><strong>Rehabilitation of the Building at Rua da Madalena 88<\/strong><\/p>\n<p style=\"text-align: center;\"><img loading=\"lazy\" decoding=\"async\" class=\"alignnone size-large wp-image-853\" src=\"https:\/\/ecociaf.pt\/wp-content\/uploads\/2023\/06\/52939870236_f72acec81c_o-1024x683.jpg\" alt=\"\" width=\"1024\" height=\"683\" srcset=\"https:\/\/ecociaf.pt\/wp-content\/uploads\/2023\/06\/52939870236_f72acec81c_o-1024x683.jpg 1024w, https:\/\/ecociaf.pt\/wp-content\/uploads\/2023\/06\/52939870236_f72acec81c_o-300x200.jpg 300w, https:\/\/ecociaf.pt\/wp-content\/uploads\/2023\/06\/52939870236_f72acec81c_o-768x512.jpg 768w, https:\/\/ecociaf.pt\/wp-content\/uploads\/2023\/06\/52939870236_f72acec81c_o-1536x1024.jpg 1536w, https:\/\/ecociaf.pt\/wp-content\/uploads\/2023\/06\/52939870236_f72acec81c_o-2048x1365.jpg 2048w, https:\/\/ecociaf.pt\/wp-content\/uploads\/2023\/06\/52939870236_f72acec81c_o-900x600.jpg 900w\" sizes=\"auto, (max-width: 1024px) 100vw, 1024px\" \/><\/p>\n<p class=\"p1 translation-block\" style=\"text-align: center;\">On May 30,<b> ECOCIAF <\/b>was honored with the National Urban Rehabilitation Award 2023 for Best Residential Intervention, recognizing our project \u201c<b>Rehabilitation of the Building at Rua da Madalena 88<\/b>\u201d.<\/p>\n<p class=\"p1\" style=\"text-align: center;\">Esta obra, que contou com a promo\u00e7\u00e3o da <b>Splendimension, Sicafi<\/b> e projeto do atelier <b>Bak Gordon<\/b> <b>Arquitectos<\/b>Promoted by <b>Splendimension, Sicafi<\/b> and designed by <b>Bak Gordon Arquitectos<\/b>, this project was a true source of pride and motivation for our team.\nMore than just restoring a building that risked falling into neglect, this intervention helped enhance its value \u2014 not only aesthetically and economically, but also in terms of its heritage importance, contributing to the preservation of Lisbon\u2019s architectural legacy for future generations.<\/p>\n\n\t\t\t\t\t<\/div>\n\t\t\t\t<\/div> \n\t\t\t<\/div>\n\t\t<\/div> \n\t\t<div  style=\"border-bottom:1px solid #de0023;padding-bottom:4rem;margin-bottom:2rem;\">\n\t\t<\/div>\n\t<\/div>\n<\/div>\n\t<\/div>\n<\/div>\n\n\n\n\n\t\t<\/div> \n\t<\/div>\n\t<\/div> \n<\/div><\/div>\n\t\t\t<\/div> \n\t\t<\/div>\n\t<\/div> \n<\/div><\/div>\n\t\t<div id=\"fws_69ee74c4a6fcd\"  data-column-margin=\"default\" data-midnight=\"light\"  class=\"wpb_row vc_row-fluid vc_row full-width-section parallax_section\"  style=\"padding-top: 700px; padding-bottom: 350px; \"><div class=\"row-bg-wrap\" data-bg-animation=\"none\" data-bg-animation-delay=\"\" data-bg-overlay=\"true\"><div class=\"inner-wrap row-bg-layer using-image\" ><div class=\"row-bg viewport-desktop using-image\" data-parallax-speed=\"fast\" style=\"background-image: url(https:\/\/ecociaf.pt\/wp-content\/uploads\/2020\/04\/ej-yao-D46mXLsQRJw-unsplash.jpg); background-position: center bottom; background-repeat: no-repeat; \"><\/div><\/div><div class=\"row-bg-overlay row-bg-layer\" style=\"background-color:#070707;  opacity: 0.3; \"><\/div><\/div><div class=\"row_col_wrap_12 col span_12 light left\">\n\t<div  class=\"vc_col-sm-12 wpb_column column_container vc_column_container col no-extra-padding\"  data-padding-pos=\"all\" data-has-bg-color=\"false\" data-bg-color=\"\" data-bg-opacity=\"1\" data-animation=\"\" data-delay=\"0\" >\n\t\t<div class=\"vc_column-inner\" >\n\t\t\t<div class=\"wpb_wrapper\">\n\t\t\t\t\n<div class=\"wpb_text_column wpb_content_element\" >\n\t<div class=\"wpb_wrapper\">\n\t\t<h2>We continue to expand and diversify our capabilities<br \/>\nensuring that we adapt to the evolving needs of each project.<br \/>\nsustainable, and high-quality solutions.<\/h2>\n\t<\/div>\n<\/div>\n\n\n\n\n\t\t\t<\/div> \n\t\t<\/div>\n\t<\/div> \n<\/div><\/div>","protected":false},"excerpt":{"rendered":"","protected":false},"author":1,"featured_media":0,"parent":0,"menu_order":0,"comment_status":"closed","ping_status":"closed","template":"","meta":{"_acf_changed":false,"inline_featured_image":false,"footnotes":""},"class_list":["post-739","page","type-page","status-publish"],"acf":[],"yoast_head":"<!-- This site is optimized with the Yoast SEO plugin v20.1 - https:\/\/yoast.com\/wordpress\/plugins\/seo\/ -->\n<title>Not\u00edcias - Ecociaf<\/title>\n<meta name=\"robots\" content=\"index, follow, max-snippet:-1, max-image-preview:large, max-video-preview:-1\" \/>\n<link rel=\"canonical\" href=\"https:\/\/ecociaf.pt\/en\/noticias\/\" \/>\n<meta property=\"og:locale\" content=\"en_GB\" \/>\n<meta property=\"og:type\" content=\"article\" \/>\n<meta property=\"og:title\" content=\"Not\u00edcias - Ecociaf\" \/>\n<meta property=\"og:url\" content=\"https:\/\/ecociaf.pt\/en\/noticias\/\" \/>\n<meta property=\"og:site_name\" content=\"Ecociaf\" \/>\n<meta property=\"article:modified_time\" content=\"2020-10-16T11:15:04+00:00\" \/>\n<meta name=\"twitter:card\" content=\"summary_large_image\" \/>\n<meta name=\"twitter:label1\" content=\"Estimated reading time\" \/>\n\t<meta name=\"twitter:data1\" content=\"3 minutes\" \/>\n<script type=\"application\/ld+json\" class=\"yoast-schema-graph\">{\"@context\":\"https:\/\/schema.org\",\"@graph\":[{\"@type\":\"WebPage\",\"@id\":\"https:\/\/ecociaf.pt\/noticias\/\",\"url\":\"https:\/\/ecociaf.pt\/noticias\/\",\"name\":\"Not\u00edcias - Ecociaf\",\"isPartOf\":{\"@id\":\"https:\/\/ecociaf.pt\/#website\"},\"datePublished\":\"2020-10-15T09:26:45+00:00\",\"dateModified\":\"2020-10-16T11:15:04+00:00\",\"breadcrumb\":{\"@id\":\"https:\/\/ecociaf.pt\/noticias\/#breadcrumb\"},\"inLanguage\":\"en-GB\",\"potentialAction\":[{\"@type\":\"ReadAction\",\"target\":[\"https:\/\/ecociaf.pt\/noticias\/\"]}]},{\"@type\":\"BreadcrumbList\",\"@id\":\"https:\/\/ecociaf.pt\/noticias\/#breadcrumb\",\"itemListElement\":[{\"@type\":\"ListItem\",\"position\":1,\"name\":\"In\u00edcio\",\"item\":\"https:\/\/ecociaf.pt\/\"},{\"@type\":\"ListItem\",\"position\":2,\"name\":\"Not\u00edcias\"}]},{\"@type\":\"WebSite\",\"@id\":\"https:\/\/ecociaf.pt\/#website\",\"url\":\"https:\/\/ecociaf.pt\/\",\"name\":\"Ecociaf\",\"description\":\"Recuperamos o passado e valorizamos o Futuro.\",\"publisher\":{\"@id\":\"https:\/\/ecociaf.pt\/#organization\"},\"potentialAction\":[{\"@type\":\"SearchAction\",\"target\":{\"@type\":\"EntryPoint\",\"urlTemplate\":\"https:\/\/ecociaf.pt\/?s={search_term_string}\"},\"query-input\":\"required name=search_term_string\"}],\"inLanguage\":\"en-GB\"},{\"@type\":\"Organization\",\"@id\":\"https:\/\/ecociaf.pt\/#organization\",\"name\":\"Ecociaf\",\"url\":\"https:\/\/ecociaf.pt\/\",\"logo\":{\"@type\":\"ImageObject\",\"inLanguage\":\"en-GB\",\"@id\":\"https:\/\/ecociaf.pt\/#\/schema\/logo\/image\/\",\"url\":\"https:\/\/ecociaf.pt\/wp-content\/uploads\/2020\/04\/ecociaf-black.png\",\"contentUrl\":\"https:\/\/ecociaf.pt\/wp-content\/uploads\/2020\/04\/ecociaf-black.png\",\"width\":286,\"height\":112,\"caption\":\"Ecociaf\"},\"image\":{\"@id\":\"https:\/\/ecociaf.pt\/#\/schema\/logo\/image\/\"}}]}<\/script>\n<!-- \/ Yoast SEO plugin. -->","yoast_head_json":{"title":"Not\u00edcias - Ecociaf","robots":{"index":"index","follow":"follow","max-snippet":"max-snippet:-1","max-image-preview":"max-image-preview:large","max-video-preview":"max-video-preview:-1"},"canonical":"https:\/\/ecociaf.pt\/en\/noticias\/","og_locale":"en_GB","og_type":"article","og_title":"Not\u00edcias - Ecociaf","og_url":"https:\/\/ecociaf.pt\/en\/noticias\/","og_site_name":"Ecociaf","article_modified_time":"2020-10-16T11:15:04+00:00","twitter_card":"summary_large_image","twitter_misc":{"Estimated reading time":"3 minutes"},"schema":{"@context":"https:\/\/schema.org","@graph":[{"@type":"WebPage","@id":"https:\/\/ecociaf.pt\/noticias\/","url":"https:\/\/ecociaf.pt\/noticias\/","name":"Not\u00edcias - Ecociaf","isPartOf":{"@id":"https:\/\/ecociaf.pt\/#website"},"datePublished":"2020-10-15T09:26:45+00:00","dateModified":"2020-10-16T11:15:04+00:00","breadcrumb":{"@id":"https:\/\/ecociaf.pt\/noticias\/#breadcrumb"},"inLanguage":"en-GB","potentialAction":[{"@type":"ReadAction","target":["https:\/\/ecociaf.pt\/noticias\/"]}]},{"@type":"BreadcrumbList","@id":"https:\/\/ecociaf.pt\/noticias\/#breadcrumb","itemListElement":[{"@type":"ListItem","position":1,"name":"In\u00edcio","item":"https:\/\/ecociaf.pt\/"},{"@type":"ListItem","position":2,"name":"Not\u00edcias"}]},{"@type":"WebSite","@id":"https:\/\/ecociaf.pt\/#website","url":"https:\/\/ecociaf.pt\/","name":"Ecociaf","description":"Recuperamos o passado e valorizamos o Futuro.","publisher":{"@id":"https:\/\/ecociaf.pt\/#organization"},"potentialAction":[{"@type":"SearchAction","target":{"@type":"EntryPoint","urlTemplate":"https:\/\/ecociaf.pt\/?s={search_term_string}"},"query-input":"required name=search_term_string"}],"inLanguage":"en-GB"},{"@type":"Organization","@id":"https:\/\/ecociaf.pt\/#organization","name":"Ecociaf","url":"https:\/\/ecociaf.pt\/","logo":{"@type":"ImageObject","inLanguage":"en-GB","@id":"https:\/\/ecociaf.pt\/#\/schema\/logo\/image\/","url":"https:\/\/ecociaf.pt\/wp-content\/uploads\/2020\/04\/ecociaf-black.png","contentUrl":"https:\/\/ecociaf.pt\/wp-content\/uploads\/2020\/04\/ecociaf-black.png","width":286,"height":112,"caption":"Ecociaf"},"image":{"@id":"https:\/\/ecociaf.pt\/#\/schema\/logo\/image\/"}}]}},"_links":{"self":[{"href":"https:\/\/ecociaf.pt\/en\/wp-json\/wp\/v2\/pages\/739","targetHints":{"allow":["GET"]}}],"collection":[{"href":"https:\/\/ecociaf.pt\/en\/wp-json\/wp\/v2\/pages"}],"about":[{"href":"https:\/\/ecociaf.pt\/en\/wp-json\/wp\/v2\/types\/page"}],"author":[{"embeddable":true,"href":"https:\/\/ecociaf.pt\/en\/wp-json\/wp\/v2\/users\/1"}],"replies":[{"embeddable":true,"href":"https:\/\/ecociaf.pt\/en\/wp-json\/wp\/v2\/comments?post=739"}],"version-history":[{"count":9,"href":"https:\/\/ecociaf.pt\/en\/wp-json\/wp\/v2\/pages\/739\/revisions"}],"predecessor-version":[{"id":757,"href":"https:\/\/ecociaf.pt\/en\/wp-json\/wp\/v2\/pages\/739\/revisions\/757"}],"wp:attachment":[{"href":"https:\/\/ecociaf.pt\/en\/wp-json\/wp\/v2\/media?parent=739"}],"curies":[{"name":"wp","href":"https:\/\/api.w.org\/{rel}","templated":true}]}}